{"id":350,"date":"2015-01-26T16:45:52","date_gmt":"2015-01-26T15:45:52","guid":{"rendered":"http:\/\/imagetemps.fr\/?page_id=350"},"modified":"2025-01-05T17:13:08","modified_gmt":"2025-01-05T16:13:08","slug":"documentaire","status":"publish","type":"page","link":"https:\/\/imagetemps.fr\/?page_id=350","title":{"rendered":"DOCUMENTAIRE"},"content":{"rendered":"<span data-mce-type=\"bookmark\" style=\"display: inline-block; width: 0px; overflow: hidden; line-height: 0;\" class=\"mce_SELRES_start\">\ufeff<\/span>\r\n\r\n<span data-mce-type=\"bookmark\" style=\"display: inline-block; width: 0px; overflow: hidden; line-height: 0;\" class=\"mce_SELRES_start\">\ufeff<\/span><span data-mce-type=\"bookmark\" style=\"display: inline-block; width: 0px; overflow: hidden; line-height: 0;\" class=\"mce_SELRES_start\">\ufeff<\/span>\r\n<blockquote class=\"wp-block-quote is-layout-flow wp-block-quote-is-layout-flow\">\r\n<p><strong>Merci Fran\u00e7ois Havez pour la projection de Dehors Dedans qui est un film tr\u00e8s r\u00e9ussi. <\/strong>Dehors Dedans nous montre avec beaucoup de sensibilit\u00e9 de votre part ainsi que de celle de tous les \u00ab\u00a0protagonistes\u00a0\u00bb la Vie qui reprend tout son sens apr\u00e8s avoir connu la rue. La pelote que vous avez su cr\u00e9er (chercheurs\/ co chercheurs et pensionnaires) fonctionne tr\u00e8s bien et a permis sans doute de construire le film au plus proche de l&rsquo;histoire de Vie de chacun. La musique enfin qui nous traverse, apparait comme un fil conducteur qui ancre l&rsquo;ensemble dans une atmosph\u00e8re o\u00f9 la la r\u00e9silience prend tout son sens et qui donne quand on sort de la projection une impression globale positive malgr\u00e9 la duret\u00e9 du sujet qui n&rsquo;\u00e9tait pas simple \u00e0 traiter.<br \/>Un grand bravo \u00e0 tous et longue Vie au film !<br \/><strong>Une spectatrice suite \u00e0 l&rsquo;avant-premi\u00e8re \u00e0 la SACD<\/strong><\/p>\r\n<\/blockquote>\r\n\r\n\r\n\r\n<figure class=\"wp-block-embed is-type-video is-provider-youtube wp-block-embed-youtube wp-embed-aspect-16-9 wp-has-aspect-ratio\"><div class=\"wp-block-embed__wrapper\">\r\n<iframe loading=\"lazy\" title=\"Bande annonce du film Dehors Dedans , par Fran\u00e7ois Havez\" width=\"640\" height=\"360\" src=\"https:\/\/www.youtube.com\/embed\/QiIN2_Q0ZKs?feature=oembed\" frameborder=\"0\" allow=\"accelerometer; autoplay; clipboard-write; encrypted-media; gyroscope; picture-in-picture; web-share\" referrerpolicy=\"strict-origin-when-cross-origin\" allowfullscreen><\/iframe>\r\n<\/div><figcaption class=\"wp-element-caption\"><strong>Dehors Dedans. Dur\u00e9e : 01h 22min<br \/>Un film de Fran\u00e7ois HAVEZ<\/strong><br \/>Bon Voyage Films Productions<br \/>Dehors Dedans. \u00ab D\u2019une vie \u00e0 l\u2019autre, de la rue au logement \u00bb Pendant deux ans, Fran\u00e7ois Havez r\u00e9alisateur, a suivi Marcel et Jean-Paul, deux co-chercheurs r\u00e9sidents en pension de famille, qui ont accompagn\u00e9 Fr\u00e9d\u00e9rique, une docteure en sciences de l\u2019\u00e9ducation et Yann, un anthropologue. Ensemble, ils ont recueilli la parole d\u2019anciens sans abris qui ont retrouv\u00e9 un toit. Au fil de cette recherche sur \u00ab le logement d\u2019abord \u00bb nous d\u00e9couvrons ce que signifie : habiter en pension de famille apr\u00e8s un parcours de rue.<br \/><\/figcaption><\/figure>\r\n\r\n\r\n<div class=\"wp-block-image\">\r\n<figure class=\"aligncenter size-large\"><a href=\"https:\/\/imagetemps.fr\/wp-content\/uploads\/2022\/11\/Capture-decran-2022-11-10-a-15.23.10.png\"><img loading=\"lazy\" decoding=\"async\" width=\"1024\" height=\"857\" src=\"https:\/\/imagetemps.fr\/wp-content\/uploads\/2022\/11\/Capture-decran-2022-11-10-a-15.23.10-1024x857.png\" alt=\"\" class=\"wp-image-2388\" srcset=\"https:\/\/imagetemps.fr\/wp-content\/uploads\/2022\/11\/Capture-decran-2022-11-10-a-15.23.10-1024x857.png 1024w, https:\/\/imagetemps.fr\/wp-content\/uploads\/2022\/11\/Capture-decran-2022-11-10-a-15.23.10-300x251.png 300w, https:\/\/imagetemps.fr\/wp-content\/uploads\/2022\/11\/Capture-decran-2022-11-10-a-15.23.10-768x643.png 768w, https:\/\/imagetemps.fr\/wp-content\/uploads\/2022\/11\/Capture-decran-2022-11-10-a-15.23.10-1536x1286.png 1536w, https:\/\/imagetemps.fr\/wp-content\/uploads\/2022\/11\/Capture-decran-2022-11-10-a-15.23.10-2048x1714.png 2048w, https:\/\/imagetemps.fr\/wp-content\/uploads\/2022\/11\/Capture-decran-2022-11-10-a-15.23.10-904x757.png 904w\" sizes=\"(max-width: 1024px) 100vw, 1024px\" \/><\/a><\/figure><\/div>\r\n\r\n\r\n<figure class=\"wp-block-image aligncenter size-large\"><a href=\"https:\/\/imagetemps.fr\/wp-content\/uploads\/2022\/11\/InvitationmediaALFIOctobre2022-scaled.jpg\"><img loading=\"lazy\" decoding=\"async\" width=\"730\" height=\"1024\" src=\"https:\/\/imagetemps.fr\/wp-content\/uploads\/2022\/11\/InvitationmediaALFIOctobre2022-730x1024.jpg\" alt=\"Documentaires \r\nDehors Dedans\r\n\" class=\"wp-image-2392\" srcset=\"https:\/\/imagetemps.fr\/wp-content\/uploads\/2022\/11\/InvitationmediaALFIOctobre2022-730x1024.jpg 730w, https:\/\/imagetemps.fr\/wp-content\/uploads\/2022\/11\/InvitationmediaALFIOctobre2022-214x300.jpg 214w, https:\/\/imagetemps.fr\/wp-content\/uploads\/2022\/11\/InvitationmediaALFIOctobre2022-768x1077.jpg 768w, https:\/\/imagetemps.fr\/wp-content\/uploads\/2022\/11\/InvitationmediaALFIOctobre2022-1095x1536.jpg 1095w, https:\/\/imagetemps.fr\/wp-content\/uploads\/2022\/11\/InvitationmediaALFIOctobre2022-1460x2048.jpg 1460w, https:\/\/imagetemps.fr\/wp-content\/uploads\/2022\/11\/InvitationmediaALFIOctobre2022-644x904.jpg 644w, https:\/\/imagetemps.fr\/wp-content\/uploads\/2022\/11\/InvitationmediaALFIOctobre2022-scaled.jpg 1825w\" sizes=\"(max-width: 730px) 100vw, 730px\" \/><\/a><\/figure>\r\n\r\n\r\n\r\n<figure class=\"wp-block-embed is-type-video is-provider-vimeo wp-block-embed-vimeo\"><div class=\"wp-block-embed__wrapper\">\r\n<iframe loading=\"lazy\" title=\"Y a-t-il encore mon pays ailleurs ? Bande annonce\" src=\"https:\/\/player.vimeo.com\/video\/198211466?dnt=1&amp;app_id=122963\" width=\"640\" height=\"512\" frameborder=\"0\" allow=\"autoplay; fullscreen; picture-in-picture; clipboard-write\"><\/iframe>\r\n<\/div><figcaption class=\"wp-element-caption\"><br \/><strong>Y a-t-il encore mon pays ailleurs ? &#8211; Documentaire. 55mn &#8211; Un film de Fran\u00e7ois Havez<br \/>Corto Pacific Productions \/ France \/ 2013<br \/>Y a-t-il encore mon pays ailleurs ? &#8211; Version cin\u00e9-concert. 30mn \/ 2016<br \/>Jean-Charles RICHARD, composition musicale.<\/strong><br \/>Avec les \u00e9tudiants des d\u00e9partements jazz et musiques actuelles amplifi\u00e9es et l\u2019orchestre des jeunes du conservatoire de Paris. Xavier Delette, direction. Enregistrement de la musique lors des cin\u00e9-concerts au CRR de Paris et \u00e0 la Maison des m\u00e9tallos en janvier 2016.<br \/><strong>Synopsis<\/strong><br \/>Avec le temps, ils se sont habitu\u00e9s \u00e0 vivre dans ce foyer de Colombes, ils en ont fait leur demeure. Ils vivent l\u00e0 depuis quarante ans, en collectivit\u00e9, entre hommes. Toute une vie en foyer de travailleurs migrants, maintenant retrait\u00e9s, inactifs, rest\u00e9s en France.<br \/>Aujourd\u2019hui, juste sous leurs fen\u00eatres, un chantier. Leur vieux foyer est d\u00e9clar\u00e9 v\u00e9tuste. La future r\u00e9sidence sociale est en construction. Ils doivent bient\u00f4t d\u00e9m\u00e9nager.<br \/>Pendant plus de 2 ans, j\u2019ai suivi ces vieux immigr\u00e9s, cinq hommes en particulier, cinq alg\u00e9riens. Ils doivent d\u00e9cider, rester ou partir ? Mais ont-ils r\u00e9ellement le choix ?<br \/>Quel est le devenir de ces vieux Chibanis en perte d\u2019autonomie sur le sol fran\u00e7ais <\/figcaption><\/figure>\r\n\r\n\r\n\r\n<blockquote class=\"wp-block-quote is-layout-flow wp-block-quote-is-layout-flow\">\r\n<p>Je voudrais remercier profond\u00e9ment Fran\u00e7ois Havez, ce film Y a-t-il encore mon pays ailleurs ? est magnifique. Il parle des Chibanis, ces travailleurs d&rsquo;Afrique du Nord qui ont pass\u00e9 essentiellement leur vie en France et qui ne retourneront peut-\u00eatre pas de leur vivant en Afrique du Nord. Ce film je le trouve extr\u00eamement \u00e9mouvant. Il faut savoir que Fran\u00e7ois a retravaill\u00e9 son film de 55mn en 30mn pour les cin\u00e9-concerts. Il a ajout\u00e9 des sous-titres, il a retravaill\u00e9 toute la bande son que vous entendrez ce soir. Il y a un message musical qui passe en m\u00eame temps que le message port\u00e9 par la parole des chibanis. <strong>Xavier Delette. Directeur du conservatoire \u00e0 rayonnement r\u00e9gional de Paris et chef d&rsquo;orchestre.<\/strong><\/p>\r\n<\/blockquote>\r\n\r\n\r\n\r\n<figure class=\"wp-block-image size-large\"><img loading=\"lazy\" decoding=\"async\" width=\"755\" height=\"1024\" src=\"https:\/\/imagetemps.fr\/wp-content\/uploads\/2015\/03\/Critique-afriscope-755x1024.jpg\" alt=\"\" class=\"wp-image-608\" srcset=\"https:\/\/imagetemps.fr\/wp-content\/uploads\/2015\/03\/Critique-afriscope-755x1024.jpg 755w, https:\/\/imagetemps.fr\/wp-content\/uploads\/2015\/03\/Critique-afriscope-221x300.jpg 221w, https:\/\/imagetemps.fr\/wp-content\/uploads\/2015\/03\/Critique-afriscope-666x904.jpg 666w, https:\/\/imagetemps.fr\/wp-content\/uploads\/2015\/03\/Critique-afriscope.jpg 1241w\" sizes=\"(max-width: 755px) 100vw, 755px\" \/><\/figure>\r\n\r\n\r\n\r\n<figure class=\"wp-block-embed is-type-video is-provider-vimeo wp-block-embed-vimeo wp-embed-aspect-16-9 wp-has-aspect-ratio\"><div class=\"wp-block-embed__wrapper\">\r\n<iframe loading=\"lazy\" title=\"C&#039;est pas tous les jours Dimanche. Documentaire\" src=\"https:\/\/player.vimeo.com\/video\/106150087?dnt=1&amp;app_id=122963\" width=\"640\" height=\"360\" frameborder=\"0\" allow=\"autoplay; fullscreen; picture-in-picture; clipboard-write\"><\/iframe>\r\n<\/div><figcaption class=\"wp-element-caption\"><strong>C\u2019est pas tous les jours Dimanche. Documentaire<\/strong><br \/>Maman est devenue une femme \u00e2g\u00e9e, une personne du 3\u00e8me \u00e2ge, comme on dit.<br \/>Elle vit seule dans sa grande maison. Une vie monotone, rythm\u00e9e par la t\u00e9l\u00e9vision et des messages t\u00e9l\u00e9phoniques \u00e0 ses enfants.<br \/>Elle attend, esp\u00e8re leurs venues. Ils sont loin.<br \/>Ils viendront ce dimanche ou peut-\u00eatre le prochain \u2026<br \/><strong>Intentions de r\u00e9alisation :<\/strong><br \/>Je regarde et observe ma m\u00e8re diff\u00e9remment depuis qu\u2019elle est devenue cette femme du 3\u00e8me \u00e2ge.<br \/>Je l\u2019ai regard\u00e9 vieillir, changer, perdre peu \u00e0 peu son autonomie, oublier, ne plus avoir la notion du temps. Elle tient \u00e0 garder son ind\u00e9pendance en restant chez elle, avec toutes les difficult\u00e9s que cela incombent.<br \/>En faisant ce film, j\u2019ai voulu concentrer des \u00e9v\u00e9nements simples de son quotidien.<br \/>J\u2019ai alors pos\u00e9 ma cam\u00e9ra, juste pour la filmer de fa\u00e7on frontale, sans artifices.<br \/>Ce film nous montre sa solitude, sa d\u00e9tresse, ses angoisses et ses oublis et surtout ses longues attentes.<br \/>Sur son bureau un agenda, chaque jour en le consultant, elle regarde au dimanche : peut-\u00eatre y a t&rsquo;il une visite pr\u00e9vue d\u2019un de ses enfants. Chaque jour est un dimanche, pour elle &#8230;<\/figcaption><\/figure>\r\n\r\n\r\n\r\n<blockquote class=\"wp-block-quote is-layout-flow wp-block-quote-is-layout-flow\">\r\n<p><strong>Votre film <\/strong><strong>\u00ab\u00a0C\u2019est pas tous les jours Dimanche<\/strong>\u00a0\u00bb est magnifique Fran\u00e7ois Havez, il me parle au plus profond de moi-m\u00eame, il est bouleversant de par son d\u00e9pouillement de tout artifice, comme ces vies de nos parents qui s&rsquo;\u00e9coulent dans l&rsquo;attente de l&rsquo;infime moment du bonheur d&rsquo;un simple coup de fil ou d&rsquo;une courte visite. Nos parents que nous n&rsquo;imaginons pas un jour devenir ces vieux que furent avant eux nos grand-parents. C&rsquo;est terrible, une fois veuf ou veuve, cette solitude, lent cheminement vers la fin &#8230; Votre film est splendide et m&rsquo;\u00e9meut au plus au plus haut point, mes larmes d&rsquo;\u00e9motion sont le plus beau des compliments que je puisse vous faire. <strong>Fran\u00e7ois Le Roux. Com\u00e9dien &#8211; Musicien.<\/strong><\/p>\r\n<\/blockquote>\r\n\r\n\r\n\r\n<figure class=\"wp-block-embed is-type-video is-provider-youtube wp-block-embed-youtube wp-embed-aspect-16-9 wp-has-aspect-ratio\"><div class=\"wp-block-embed__wrapper\">\r\n<iframe loading=\"lazy\" title=\"CONTES SANS FRONTIERES \u00e0 l\u2019\u00e9cole \u00e9l\u00e9mentaire Fran\u00e7ois Mitterrand de Vernon\" width=\"640\" height=\"360\" src=\"https:\/\/www.youtube.com\/embed\/Zjaewi32SC8?feature=oembed\" frameborder=\"0\" allow=\"accelerometer; autoplay; clipboard-write; encrypted-media; gyroscope; picture-in-picture; web-share\" referrerpolicy=\"strict-origin-when-cross-origin\" allowfullscreen><\/iframe>\r\n<\/div><figcaption class=\"wp-element-caption\"><strong>CONTES SANS FRONTIERES. Un film de Fran\u00e7ois Havez<\/strong><br \/>Pendant plusieurs mois, j&rsquo;ai eu la chance d&rsquo;\u00eatre un t\u00e9moin privil\u00e9gi\u00e9 du processus de fabrication des Contes sans fronti\u00e8res \u00e0 l&rsquo;\u00e9cole \u00e9l\u00e9mentaire Fran\u00e7ois Mitterrand et au studio d&rsquo;enregistrement de Vernon. <br \/>Le Projet des Contes sans Fronti\u00e8res est un projet mont\u00e9 et port\u00e9 par&nbsp;Jean Charles Richard et l\u2019association \u00ab Le Jardin des Songes \u00bb&nbsp;, \u00e0 destination des enfants en \u00e9cole \u00e9l\u00e9mentaire.&nbsp;Il se situe dans un dispositif plus large de r\u00e9sidence d\u2019artistes. Ce projet a consist\u00e9 \u00e0 faire \u00e9merger et raconter des contes par les enfants, dans une approche multiculturelle, voire pluri-linguistique.&nbsp;Il concerne l\u2019\u00e9cole \u00e9l\u00e9mentaire Fran\u00e7ois Mitterrand&nbsp;\u00e0 Vernon (27).&nbsp;<br \/>Ces contes sont issus de diff\u00e9rentes cultures, en lien parfois avec les cultures d\u2019origine diverse des enfants &#8211; imaginons un petit tour du monde &#8211; avec cette id\u00e9e que les enfants deviennent \u00e0 leur tour transmetteurs de r\u00e9cits, ceux entendus de la bouche de&nbsp;la conteuse Muriel Bloch, et \/ou collect\u00e9s aupr\u00e8s des familles comme emprunt\u00e9s \u00e0 des livres. Ils ont racont\u00e9 avec leurs mots, leur imaginaire, leur corps, leur souffle et leur voix. Le conte relevant de la tradition orale, ces ateliers se sont peu appuy\u00e9s sur l\u2019\u00e9crit, mais davantage sur&nbsp;l\u2019expression orale&nbsp;qui parfois n\u2019est pas suffisamment explor\u00e9e dans les classes. &nbsp; Le support narratif est issu des enfants eux-m\u00eames, des ma\u00eetresses, des ouvrages de la biblioth\u00e8que de Vernon, de ceux publi\u00e9s par Muriel Bloch.&nbsp; La mise en \u0153uvre de ce travail a d\u00e9bouch\u00e9 sur la r\u00e9alisation d\u2019un enregistrement de contes par les enfants , avec&nbsp;des musiques propos\u00e9es par Lydie Crocetti, Juliette Candela&nbsp;(classe d\u2019orchestre C.H.A.M.), par&nbsp;Jean Charles Richard et Joao Mota, adapt\u00e9es \u00e0 ces contes. Cette&nbsp;classe d\u2019orchestre C.H.A.M.&nbsp;est un dispositif particulier qui permet aux enfants de l\u2019\u00e9cole , non inscrits en \u00e9cole de musique, de b\u00e9n\u00e9ficier d\u2019un apprentissage oral et \u00e9crit de la part d\u2019enseignants du&nbsp;Conservatoire de Vernon, sur des instruments pr\u00eat\u00e9s par le conservatoire. &nbsp;<\/figcaption><\/figure>\r\n\r\n\r\n<span data-mce-type=\"bookmark\" style=\"display: inline-block; width: 0px; overflow: hidden; line-height: 0;\" class=\"mce_SELRES_start\">\ufeff<\/span>","protected":false},"excerpt":{"rendered":"<p>\ufeff \ufeff\ufeff Merci Fran\u00e7ois Havez pour la projection de Dehors Dedans qui est un film tr\u00e8s r\u00e9ussi. Dehors Dedans nous montre avec beaucoup de sensibilit\u00e9 [&hellip;]<\/p>\n","protected":false},"author":2,"featured_media":0,"parent":35,"menu_order":0,"comment_status":"closed","ping_status":"closed","template":"","meta":{"__cvm_playback_settings":[],"__cvm_video_id":"","footnotes":""},"aioseo_notices":[],"jetpack_sharing_enabled":true,"_links":{"self":[{"href":"https:\/\/imagetemps.fr\/index.php?rest_route=\/wp\/v2\/pages\/350"}],"collection":[{"href":"https:\/\/imagetemps.fr\/index.php?rest_route=\/wp\/v2\/pages"}],"about":[{"href":"https:\/\/imagetemps.fr\/index.php?rest_route=\/wp\/v2\/types\/page"}],"author":[{"embeddable":true,"href":"https:\/\/imagetemps.fr\/index.php?rest_route=\/wp\/v2\/users\/2"}],"replies":[{"embeddable":true,"href":"https:\/\/imagetemps.fr\/index.php?rest_route=%2Fwp%2Fv2%2Fcomments&post=350"}],"version-history":[{"count":189,"href":"https:\/\/imagetemps.fr\/index.php?rest_route=\/wp\/v2\/pages\/350\/revisions"}],"predecessor-version":[{"id":2800,"href":"https:\/\/imagetemps.fr\/index.php?rest_route=\/wp\/v2\/pages\/350\/revisions\/2800"}],"up":[{"embeddable":true,"href":"https:\/\/imagetemps.fr\/index.php?rest_route=\/wp\/v2\/pages\/35"}],"wp:attachment":[{"href":"https:\/\/imagetemps.fr\/index.php?rest_route=%2Fwp%2Fv2%2Fmedia&parent=350"}],"curies":[{"name":"wp","href":"https:\/\/api.w.org\/{rel}","templated":true}]}}