{"id":24,"date":"2014-12-20T21:32:21","date_gmt":"2014-12-20T20:32:21","guid":{"rendered":"http:\/\/imagetemps.fr\/?page_id=24"},"modified":"2023-05-09T14:36:19","modified_gmt":"2023-05-09T13:36:19","slug":"acceuil","status":"publish","type":"page","link":"https:\/\/imagetemps.fr\/?page_id=24","title":{"rendered":"PR\u00c9SENTATION"},"content":{"rendered":"\n<h2 class=\"wp-block-heading\">R\u00e9alisateur depuis plus de vingt ans et charg\u00e9 de production dans le cin\u00e9ma, la t\u00e9l\u00e9vision, le corporate et le documentaire<\/h2>\n\n\n\n<p>Il y a 13 ans, j&rsquo;ai cr\u00e9\u00e9 IMAGE TEMPS PRODUCTION chez COOPETIC (Coop\u00e9rative d\u2019Activit\u00e9s et d\u2019Entrepreneurs d\u00e9di\u00e9e aux m\u00e9tiers de la communication, du web, de l\u2019audiovisuel et de l\u2019innovation) pour la production et la r\u00e9alisation de films de commandes, corporates, institutionnels, \u00e9v\u00e9nementiels, publicitaires, de clips et de reportages..<\/p>\n\n\n\n<p>Je remercie pour leur confiance depuis toutes ces ann\u00e9es : EDF, ERDF-GrDF, l&rsquo;UCF Paris, DSI-ERDF, Dalkia Groupe EDF, la Chambre du commerce et de l&rsquo;Industrie de Versailles, RTE (R\u00e9seau de Transport d&rsquo;Electricit\u00e9), l&rsquo;association ALFI du Groupe Arcade Vyv, Coallia Habitat, Socamel, l&rsquo;IPCEM &#8230;<\/p>\n\n\n\n<p>Je continue en parall\u00e8le mes activit\u00e9s d&rsquo;auteur-r\u00e9alisateur de documentaire et de fiction diffus\u00e9s en salles et \u00e0 la t\u00e9l\u00e9vision. Y a t&rsquo;il encore mon pays ailleurs, en 2013, un documentaire de 55mn, produit par Corto Pacific productions, puis une version courte en 2016 de 31 mn pour plusieurs cin\u00e9-concerts avec plus de 80 musiciens en live devant le film (Exceptionnel !!!)<br \/>C&rsquo;est pas tous les jours dimanche, documentaire court distribu\u00e9 par Fireland Productions. Dehors Dedans, documentaire d&rsquo;1h22 actuellement en salles. Je travaille \u00e0  l&rsquo;\u00e9criture d&rsquo;un sc\u00e9nario de long m\u00e9trage de fiction pour 2024 et je d\u00e9veloppe plusieurs projets de documentaires. <br \/><\/p>\n\n\n\n<figure class=\"wp-block-embed is-type-video is-provider-vimeo wp-block-embed-vimeo wp-embed-aspect-16-9 wp-has-aspect-ratio\"><div class=\"wp-block-embed__wrapper\">\n<iframe loading=\"lazy\" title=\"F\u00e9e du cin\u00e9ma - Pr\u00e9sentation fictionnalis\u00e9e de Fran\u00e7ois Havez R\u00e9alisateur\" src=\"https:\/\/player.vimeo.com\/video\/76967185?dnt=1&amp;app_id=122963\" width=\"640\" height=\"360\" frameborder=\"0\" allow=\"autoplay; fullscreen; picture-in-picture; clipboard-write\"><\/iframe>\n<\/div><\/figure>\n\n\n\n<p>Dipl\u00f4m\u00e9 de l&rsquo;Ecole Nationale d&rsquo;Art de Cergy-Pontoise et titulaire d&rsquo;une Ma\u00eetrise de cin\u00e9ma et de litt\u00e9rature moderne \u00e0 l&rsquo;Universit\u00e9 Paris I Panth\u00e9on-Sorbonne \/ DERCAV Paris III. Je deviens assistant-r\u00e9alisateur sur de nombreux films de fiction. Apr\u00e8s une formation en production aux Studios de Boulogne-Billancourt, je monte Arwen International, soci\u00e9t\u00e9 de production et d&rsquo;\u00e9dition vid\u00e9o. \u00c0 la suite de cette aventure j&rsquo;utilise Movie Base, un logiciel de pr\u00e9paration aux tournages. Je travaille 3 ans au d\u00e9veloppement de production de longs m\u00e9trages et de t\u00e9l\u00e9films pour la soci\u00e9t\u00e9 K&rsquo;ien productions; J&rsquo;ai \u00e9galement dirig\u00e9 pendant plus de 8 ans la production et la r\u00e9alisation de bandes annonces de vari\u00e9t\u00e9 et de th\u00e9\u00e2tre pour TF1 Pub et France 2.<\/p>\n\n\n\n<figure class=\"wp-block-embed is-type-video is-provider-youtube wp-block-embed-youtube wp-embed-aspect-16-9 wp-has-aspect-ratio\"><div class=\"wp-block-embed__wrapper\">\n<iframe loading=\"lazy\" title=\"C&#039;est bon, mais on la refait ... 3\" width=\"640\" height=\"360\" src=\"https:\/\/www.youtube.com\/embed\/U1Iizb-IGkc?feature=oembed\" frameborder=\"0\" allow=\"accelerometer; autoplay; clipboard-write; encrypted-media; gyroscope; picture-in-picture; web-share\" referrerpolicy=\"strict-origin-when-cross-origin\" allowfullscreen><\/iframe>\n<\/div><figcaption class=\"wp-element-caption\">Un film, \u00e7a se fabrique !<\/figcaption><\/figure>\n\n\n","protected":false},"excerpt":{"rendered":"<p>R\u00e9alisateur depuis plus de vingt ans et charg\u00e9 de production dans le cin\u00e9ma, la t\u00e9l\u00e9vision, le corporate et le documentaire Il y a 13 ans, [&hellip;]<\/p>\n","protected":false},"author":2,"featured_media":0,"parent":605,"menu_order":0,"comment_status":"closed","ping_status":"closed","template":"","meta":{"__cvm_playback_settings":[],"__cvm_video_id":"","footnotes":""},"aioseo_notices":[],"jetpack_sharing_enabled":true,"_links":{"self":[{"href":"https:\/\/imagetemps.fr\/index.php?rest_route=\/wp\/v2\/pages\/24"}],"collection":[{"href":"https:\/\/imagetemps.fr\/index.php?rest_route=\/wp\/v2\/pages"}],"about":[{"href":"https:\/\/imagetemps.fr\/index.php?rest_route=\/wp\/v2\/types\/page"}],"author":[{"embeddable":true,"href":"https:\/\/imagetemps.fr\/index.php?rest_route=\/wp\/v2\/users\/2"}],"replies":[{"embeddable":true,"href":"https:\/\/imagetemps.fr\/index.php?rest_route=%2Fwp%2Fv2%2Fcomments&post=24"}],"version-history":[{"count":149,"href":"https:\/\/imagetemps.fr\/index.php?rest_route=\/wp\/v2\/pages\/24\/revisions"}],"predecessor-version":[{"id":2624,"href":"https:\/\/imagetemps.fr\/index.php?rest_route=\/wp\/v2\/pages\/24\/revisions\/2624"}],"up":[{"embeddable":true,"href":"https:\/\/imagetemps.fr\/index.php?rest_route=\/wp\/v2\/pages\/605"}],"wp:attachment":[{"href":"https:\/\/imagetemps.fr\/index.php?rest_route=%2Fwp%2Fv2%2Fmedia&parent=24"}],"curies":[{"name":"wp","href":"https:\/\/api.w.org\/{rel}","templated":true}]}}