{"id":178,"date":"2015-01-16T10:50:33","date_gmt":"2015-01-16T09:50:33","guid":{"rendered":"http:\/\/imagetemps.fr\/?page_id=178"},"modified":"2023-05-09T17:15:51","modified_gmt":"2023-05-09T16:15:51","slug":"corporates","status":"publish","type":"page","link":"https:\/\/imagetemps.fr\/?page_id=178","title":{"rendered":"FICTION"},"content":{"rendered":"<div class=\"wp-block-image\">\n<figure class=\"aligncenter\"><img loading=\"lazy\" decoding=\"async\" width=\"886\" height=\"1024\" src=\"https:\/\/imagetemps.fr\/wp-content\/uploads\/2015\/03\/artcle-Nouillonpont-2-886x1024.jpg\" alt=\"\" class=\"wp-image-788\" srcset=\"https:\/\/imagetemps.fr\/wp-content\/uploads\/2015\/03\/artcle-Nouillonpont-2-886x1024.jpg 886w, https:\/\/imagetemps.fr\/wp-content\/uploads\/2015\/03\/artcle-Nouillonpont-2-260x300.jpg 260w, https:\/\/imagetemps.fr\/wp-content\/uploads\/2015\/03\/artcle-Nouillonpont-2-783x904.jpg 783w\" sizes=\"(max-width: 886px) 100vw, 886px\" \/><\/figure><\/div>\n\n\n<blockquote class=\"wp-block-quote is-layout-flow wp-block-quote-is-layout-flow\">\n<p>Je vous conseille ce film, Nouillonpont 3km, d\u00e9cal\u00e9 et vif de Fran\u00e7ois Havez qui sait m\u00e9langer prises de vue fa\u00e7on documentaire et plans fictionnels \u00e9labor\u00e9s au service d&rsquo;une Histoire. A d\u00e9couvrir absolument ! <strong>Tiburce r\u00e9alisateur.<\/strong><\/p>\n<\/blockquote>\n\n\n\n<div class=\"wp-block-group\"><div class=\"wp-block-group__inner-container is-layout-constrained wp-block-group-is-layout-constrained\">\n<figure class=\"wp-block-embed is-type-video is-provider-youtube wp-block-embed-youtube wp-embed-aspect-4-3 wp-has-aspect-ratio\"><div class=\"wp-block-embed__wrapper\">\n<iframe loading=\"lazy\" title=\"Nouillonpont 3km - Fiction - Version courte\" width=\"640\" height=\"480\" src=\"https:\/\/www.youtube.com\/embed\/3Y1xWy2-ySg?feature=oembed\" frameborder=\"0\" allow=\"accelerometer; autoplay; clipboard-write; encrypted-media; gyroscope; picture-in-picture; web-share\" referrerpolicy=\"strict-origin-when-cross-origin\" allowfullscreen><\/iframe>\n<\/div><figcaption class=\"wp-element-caption\"><strong>Nouillonpont 3km<\/strong><br \/>Un Court-m\u00e9trage de Fran\u00e7ois Havez<br \/>Produit par Stellaire Productions<br \/>Ann\u00e9e de production : 2004<br \/><strong>Synopsis :<\/strong> Nouillonpont n&rsquo;est plus qu&rsquo;\u00e0 trois kilom\u00e8tres. Dans ce petit village meusien, la Pythie pr\u00e9dit le chaos. D\u00e9barque alors Benjamin, le parisien, qui est tra\u00een\u00e9 au beau milieu d&rsquo;une grange o\u00f9 se d\u00e9roule un mariage tr\u00e8s anim\u00e9.<\/figcaption><\/figure>\n\n\n\n<figure class=\"wp-block-embed is-type-video is-provider-youtube wp-block-embed-youtube wp-embed-aspect-4-3 wp-has-aspect-ratio\"><div class=\"wp-block-embed__wrapper\">\n<iframe loading=\"lazy\" title=\"ITV de Fran\u00e7ois Havez, r\u00e9alisateur de Nouillonpont 3km (fiction) diffus\u00e9 sur France 2.\" width=\"640\" height=\"480\" src=\"https:\/\/www.youtube.com\/embed\/9hqdGvWzXbQ?feature=oembed\" frameborder=\"0\" allow=\"accelerometer; autoplay; clipboard-write; encrypted-media; gyroscope; picture-in-picture; web-share\" referrerpolicy=\"strict-origin-when-cross-origin\" allowfullscreen><\/iframe>\n<\/div><figcaption class=\"wp-element-caption\"><strong>ITV de Fran\u00e7ois Havez, r\u00e9alisateur de Nouillonpont 3km (fiction) diffus\u00e9 sur France 2<\/strong><br \/>Histoires Courtes, Cin\u00e9 Club, ceux qui font les courts vous en parlent &#8230;<\/figcaption><\/figure>\n\n\n\n<div class=\"wp-block-media-text alignwide is-stacked-on-mobile is-vertically-aligned-top\"><figure class=\"wp-block-media-text__media\"><a class=\"https:\/\/vimeo.com\/114750160?share=copy\" href=\"https:\/\/vimeo.com\/114750160?share=copy\" target=\"_blank\" rel=\"noreferrer noopener\"><img loading=\"lazy\" decoding=\"async\" width=\"766\" height=\"1024\" src=\"https:\/\/imagetemps.fr\/wp-content\/uploads\/2015\/01\/affiche-relations.psd1-766x1024.jpg\" alt=\"\" class=\"wp-image-977 size-full\" srcset=\"https:\/\/imagetemps.fr\/wp-content\/uploads\/2015\/01\/affiche-relations.psd1-766x1024.jpg 766w, https:\/\/imagetemps.fr\/wp-content\/uploads\/2015\/01\/affiche-relations.psd1-225x300.jpg 225w, https:\/\/imagetemps.fr\/wp-content\/uploads\/2015\/01\/affiche-relations.psd1-677x904.jpg 677w, https:\/\/imagetemps.fr\/wp-content\/uploads\/2015\/01\/affiche-relations.psd1.jpg 1163w\" sizes=\"(max-width: 766px) 100vw, 766px\" \/><\/a><\/figure><div class=\"wp-block-media-text__content\"><\/div><\/div>\n\n\n\n<figure class=\"wp-block-embed is-type-video is-provider-vimeo wp-block-embed-vimeo\"><div class=\"wp-block-embed__wrapper\">\n<iframe loading=\"lazy\" title=\"Relations de bon voisinage. Fiction cin\u00e9ma\" src=\"https:\/\/player.vimeo.com\/video\/114750160?dnt=1&amp;app_id=122963\" width=\"640\" height=\"512\" frameborder=\"0\" allow=\"autoplay; fullscreen; picture-in-picture; clipboard-write\"><\/iframe>\n<\/div><figcaption class=\"wp-element-caption\"><strong>Relations de bon voisinage<\/strong><br \/>Un&nbsp;<strong>Court-m\u00e9trage<\/strong>&nbsp;de&nbsp;<a href=\"https:\/\/www.unifrance.org\/annuaires\/personne\/311031\/francois-havez\">Fran\u00e7ois Havez<\/a><br \/>Produit par&nbsp;<a href=\"https:\/\/www.unifrance.org\/annuaires\/societe\/306183\/presqu-ile-productions\">Presqu&rsquo; ile Productions<\/a><br \/>Ann\u00e9e de production :&nbsp;<strong>2000<\/strong><br \/>Exportation \/ Vente internationale : <a href=\"https:\/\/www.unifrance.org\/annuaires\/societe\/306183\/presqu-ile-productions\">Presqu&rsquo; ile Productions<\/a><br \/><strong>Synopsis :<\/strong><br \/>Une vie ordinaire toute trac\u00e9e, dans une rue aux pavillons tous identiques. Gilbert a eu une liaison avec Sophie. Ce matin-l\u00e0, elle se trouve face \u00e0 lui.<\/figcaption><\/figure>\n<\/div><\/div>\n\n\n\n<blockquote class=\"wp-block-quote is-layout-flow wp-block-quote-is-layout-flow\">\n<p>WAOUH, <strong>Bavure d&rsquo;amour<\/strong> \u00e7a d\u00e9coiffe ! La chute, plus noir, tu meurs &#8230; d&rsquo;un rire perdu. C&rsquo;est dr\u00f4le et tragique en m\u00eame temps. <strong>Fran\u00e7ois Le Roux &#8211; Com\u00e9dien-Musicien.<\/strong><\/p>\n<\/blockquote>\n\n\n\n<figure class=\"wp-block-embed is-type-video is-provider-vimeo wp-block-embed-vimeo wp-embed-aspect-16-9 wp-has-aspect-ratio\"><div class=\"wp-block-embed__wrapper\">\n<iframe loading=\"lazy\" title=\"Bavure d&#039;amour. Fiction\" src=\"https:\/\/player.vimeo.com\/video\/120559831?dnt=1&amp;app_id=122963\" width=\"640\" height=\"360\" frameborder=\"0\" allow=\"autoplay; fullscreen; picture-in-picture; clipboard-write\"><\/iframe>\n<\/div><figcaption class=\"wp-element-caption\"><strong>Bavure d&rsquo;amour<\/strong><br \/>Love, love, love, comme dans la chanson, l&rsquo;amour c&rsquo;est d\u00e9cal\u00e9.<br \/>Paris 19\u00e8me arrondissement, ce matin l\u00e0, une femme se dirige d&rsquo;un pas rapide \u00e0 la rencontre de 3 hommes, 3 inconnus.  Elle en choisira un \u2026 mais enfin le succ\u00e8s de cette aventure d\u00e9pend des destin\u00e9es.<br \/><strong>R\u00e9alisation<\/strong> Fran\u00e7ois Havez<br \/><strong>Musique<\/strong> de Clem Beat&rsquo;z<br \/><strong>Avec<\/strong> Nathalie Roume, Christophe Mie, Amine Sabir et Stefano Congiu<\/figcaption><\/figure>\n\n\n\n<p><\/p>\n","protected":false},"excerpt":{"rendered":"<p>Je vous conseille ce film, Nouillonpont 3km, d\u00e9cal\u00e9 et vif de Fran\u00e7ois Havez qui sait m\u00e9langer prises de vue fa\u00e7on documentaire et plans fictionnels \u00e9labor\u00e9s [&hellip;]<\/p>\n","protected":false},"author":2,"featured_media":174,"parent":35,"menu_order":0,"comment_status":"closed","ping_status":"closed","template":"","meta":{"__cvm_playback_settings":[],"__cvm_video_id":"","footnotes":""},"aioseo_notices":[],"jetpack_sharing_enabled":true,"_links":{"self":[{"href":"https:\/\/imagetemps.fr\/index.php?rest_route=\/wp\/v2\/pages\/178"}],"collection":[{"href":"https:\/\/imagetemps.fr\/index.php?rest_route=\/wp\/v2\/pages"}],"about":[{"href":"https:\/\/imagetemps.fr\/index.php?rest_route=\/wp\/v2\/types\/page"}],"author":[{"embeddable":true,"href":"https:\/\/imagetemps.fr\/index.php?rest_route=\/wp\/v2\/users\/2"}],"replies":[{"embeddable":true,"href":"https:\/\/imagetemps.fr\/index.php?rest_route=%2Fwp%2Fv2%2Fcomments&post=178"}],"version-history":[{"count":111,"href":"https:\/\/imagetemps.fr\/index.php?rest_route=\/wp\/v2\/pages\/178\/revisions"}],"predecessor-version":[{"id":2773,"href":"https:\/\/imagetemps.fr\/index.php?rest_route=\/wp\/v2\/pages\/178\/revisions\/2773"}],"up":[{"embeddable":true,"href":"https:\/\/imagetemps.fr\/index.php?rest_route=\/wp\/v2\/pages\/35"}],"wp:featuredmedia":[{"embeddable":true,"href":"https:\/\/imagetemps.fr\/index.php?rest_route=\/wp\/v2\/media\/174"}],"wp:attachment":[{"href":"https:\/\/imagetemps.fr\/index.php?rest_route=%2Fwp%2Fv2%2Fmedia&parent=178"}],"curies":[{"name":"wp","href":"https:\/\/api.w.org\/{rel}","templated":true}]}}